{"id":14198,"date":"2023-01-08T19:29:40","date_gmt":"2023-01-08T19:29:40","guid":{"rendered":"http:\/\/laplumedeloiseaulyre.com\/?page_id=14198"},"modified":"2023-01-08T19:30:49","modified_gmt":"2023-01-08T19:30:49","slug":"lherbier-de-bussy-rabutin-2022","status":"publish","type":"page","link":"https:\/\/laplumedeloiseaulyre.com\/?page_id=14198","title":{"rendered":"L&rsquo;Herbier de Bussy-Rabutin 2022"},"content":{"rendered":"\n<div class=\"wp-block-image\"><figure class=\"aligncenter size-large\"><img loading=\"lazy\" width=\"768\" height=\"1024\" src=\"https:\/\/i2.wp.com\/laplumedeloiseaulyre.com\/wp-content\/uploads\/2022\/12\/Main_Spiree_2-2.jpeg?resize=768%2C1024\" alt=\"\" class=\"wp-image-14108\" srcset=\"https:\/\/i2.wp.com\/laplumedeloiseaulyre.com\/wp-content\/uploads\/2022\/12\/Main_Spiree_2-2-scaled.jpeg?resize=768%2C1024&amp;ssl=1 768w, https:\/\/i2.wp.com\/laplumedeloiseaulyre.com\/wp-content\/uploads\/2022\/12\/Main_Spiree_2-2-scaled.jpeg?resize=225%2C300&amp;ssl=1 225w, https:\/\/i2.wp.com\/laplumedeloiseaulyre.com\/wp-content\/uploads\/2022\/12\/Main_Spiree_2-2-scaled.jpeg?resize=1152%2C1536&amp;ssl=1 1152w, https:\/\/i2.wp.com\/laplumedeloiseaulyre.com\/wp-content\/uploads\/2022\/12\/Main_Spiree_2-2-scaled.jpeg?resize=1536%2C2048&amp;ssl=1 1536w, https:\/\/i2.wp.com\/laplumedeloiseaulyre.com\/wp-content\/uploads\/2022\/12\/Main_Spiree_2-2-scaled.jpeg?resize=560%2C747&amp;ssl=1 560w, https:\/\/i2.wp.com\/laplumedeloiseaulyre.com\/wp-content\/uploads\/2022\/12\/Main_Spiree_2-2-scaled.jpeg?resize=160%2C213&amp;ssl=1 160w, https:\/\/i2.wp.com\/laplumedeloiseaulyre.com\/wp-content\/uploads\/2022\/12\/Main_Spiree_2-2-scaled.jpeg?w=1920&amp;ssl=1 1920w, https:\/\/i2.wp.com\/laplumedeloiseaulyre.com\/wp-content\/uploads\/2022\/12\/Main_Spiree_2-2-scaled.jpeg?w=1720 1720w\" sizes=\"(max-width: 768px) 100vw, 768px\" data-recalc-dims=\"1\" \/><figcaption><strong>Herborisation au mois de juin 2022<\/strong> \u00a9Cmn\/GLSG<\/figcaption><\/figure><\/div>\n\n\n\n<p>Expos\u00e9 au printemps 2023 dans le cadre de&nbsp;la restauration de l\u2019aile Sarcus par le Centre des monuments nationaux au<a rel=\"noreferrer noopener\" href=\"https:\/\/www.chateau-bussy-rabutin.fr\" target=\"_blank\"> ch\u00e2teau de Bussy-Rabutin<\/a> (C\u00f4te d&rsquo;Or), <em>L&rsquo;Herbier de Bussy-Rabutin 2022<\/em> est un<strong> herbier contemporain que j&rsquo;ai con\u00e7u en \u00e9cho \u00e0 l&rsquo;herbier du XIXe si\u00e8cle attribu\u00e9 au Comte de Sarcus et \u00e0 sa famille<\/strong>. J&rsquo;ai voulu rendre hommage \u00e0&nbsp;<strong>la passion du Comte de Sarcus pour la botanique mais aussi pour son jardin et ses terres.<\/strong>&nbsp;&nbsp;Ce recueil&nbsp;<strong>de nouvelles planches botaniques modernes<\/strong>&nbsp;est constitu\u00e9 de 75 sp\u00e9cimens class\u00e9s au sein de 38 familles botaniques, par ordre alphab\u00e9tique. Ces derniers ont \u00e9t\u00e9 r\u00e9colt\u00e9s dans le jardin et le parc de Bussy-Rabutin le mardi 14 juin 2022. 2 d\u2019entre eux ont \u00e9t\u00e9 cueillis par des membres de l\u2019\u00e9quipe du ch\u00e2teau (Ingrid Llamas pour l\u2019<em>Allium ursinum<\/em>&nbsp;p.15 et Philippe Schneider pour le&nbsp;<em>Geranium robertianum<\/em>&nbsp;p.87).&nbsp;<\/p>\n\n\n\n<p><\/p>\n\n\n\n<div class=\"wp-block-image\"><figure class=\"aligncenter size-large\"><img loading=\"lazy\" width=\"768\" height=\"1024\" src=\"https:\/\/i2.wp.com\/laplumedeloiseaulyre.com\/wp-content\/uploads\/2022\/12\/Gab_chapeau-1.jpeg?resize=768%2C1024\" alt=\"\" class=\"wp-image-14114\" srcset=\"https:\/\/i0.wp.com\/laplumedeloiseaulyre.com\/wp-content\/uploads\/2022\/12\/Gab_chapeau-1-scaled.jpeg?resize=768%2C1024&amp;ssl=1 768w, https:\/\/i0.wp.com\/laplumedeloiseaulyre.com\/wp-content\/uploads\/2022\/12\/Gab_chapeau-1-scaled.jpeg?resize=225%2C300&amp;ssl=1 225w, https:\/\/i0.wp.com\/laplumedeloiseaulyre.com\/wp-content\/uploads\/2022\/12\/Gab_chapeau-1-scaled.jpeg?resize=1152%2C1536&amp;ssl=1 1152w, https:\/\/i0.wp.com\/laplumedeloiseaulyre.com\/wp-content\/uploads\/2022\/12\/Gab_chapeau-1-scaled.jpeg?resize=1536%2C2048&amp;ssl=1 1536w, https:\/\/i0.wp.com\/laplumedeloiseaulyre.com\/wp-content\/uploads\/2022\/12\/Gab_chapeau-1-scaled.jpeg?resize=560%2C747&amp;ssl=1 560w, https:\/\/i0.wp.com\/laplumedeloiseaulyre.com\/wp-content\/uploads\/2022\/12\/Gab_chapeau-1-scaled.jpeg?resize=160%2C213&amp;ssl=1 160w, https:\/\/i0.wp.com\/laplumedeloiseaulyre.com\/wp-content\/uploads\/2022\/12\/Gab_chapeau-1-scaled.jpeg?w=1920&amp;ssl=1 1920w, https:\/\/i0.wp.com\/laplumedeloiseaulyre.com\/wp-content\/uploads\/2022\/12\/Gab_chapeau-1-scaled.jpeg?w=1720 1720w\" sizes=\"(max-width: 768px) 100vw, 768px\" data-recalc-dims=\"1\" \/><figcaption><strong>L&rsquo;artiste Gabrielle de Lassus Saint-Geni\u00e8s<\/strong> <br>\u00a9GLSG<\/figcaption><\/figure><\/div>\n\n\n\n<p>Ces planches s\u2019inspirent du mat\u00e9riel existant pour montrer un aspect de la personnalit\u00e9 de ce&nbsp;gentleman cultiv\u00e9 rousseauiste et de sa famille qui herborisaient parce que la&nbsp;<strong>pratique de l&rsquo;herbier \u00e9tait un loisir \u00e0 la mode mais aussi car ils avaient un go\u00fbt tr\u00e8s vif pour les sciences naturelles et la botanique, alors marqu\u00e9e par le d\u00e9veloppement de la nomenclature binominale de Carl von Linn\u00e9 (1707-1778).&nbsp;<\/strong>Le Comte de Sarcus poss\u00e9dait par exemple&nbsp;<em>La Botanique<\/em>&nbsp;de Rousseau (ouvrage qui semble avoir \u00e9t\u00e9 beaucoup utilis\u00e9)&nbsp;et&nbsp;<em>La Flore des Environs de Paris<\/em>&nbsp;dans sa biblioth\u00e8que. Grand \u00e9rudit en lien avec les soci\u00e9t\u00e9s savantes locales, Jean-Baptiste de Sarcus s\u2019int\u00e9ressa de pr\u00e8s \u00e0 l\u2019agronomie autant qu\u2019\u00e0 l\u2019histoire du Grand Si\u00e8cle dans un esprit encyclop\u00e9dique. C\u2019est ainsi qu\u2019il entreprit de valoriser le ch\u00e2teau et l\u2019\u0153uvre de Roger de Bussy-Rabutin (1618-1693).&nbsp;<\/p>\n\n\n\n<div class=\"wp-block-image\"><figure class=\"aligncenter size-large\"><img loading=\"lazy\" width=\"768\" height=\"1024\" src=\"https:\/\/i2.wp.com\/laplumedeloiseaulyre.com\/wp-content\/uploads\/2022\/12\/Carton-et-fleurs-1.jpeg?resize=768%2C1024\" alt=\"\" class=\"wp-image-14110\" srcset=\"https:\/\/i2.wp.com\/laplumedeloiseaulyre.com\/wp-content\/uploads\/2022\/12\/Carton-et-fleurs-1-scaled.jpeg?resize=768%2C1024&amp;ssl=1 768w, https:\/\/i2.wp.com\/laplumedeloiseaulyre.com\/wp-content\/uploads\/2022\/12\/Carton-et-fleurs-1-scaled.jpeg?resize=225%2C300&amp;ssl=1 225w, https:\/\/i2.wp.com\/laplumedeloiseaulyre.com\/wp-content\/uploads\/2022\/12\/Carton-et-fleurs-1-scaled.jpeg?resize=1152%2C1536&amp;ssl=1 1152w, https:\/\/i2.wp.com\/laplumedeloiseaulyre.com\/wp-content\/uploads\/2022\/12\/Carton-et-fleurs-1-scaled.jpeg?resize=1536%2C2048&amp;ssl=1 1536w, https:\/\/i2.wp.com\/laplumedeloiseaulyre.com\/wp-content\/uploads\/2022\/12\/Carton-et-fleurs-1-scaled.jpeg?resize=560%2C747&amp;ssl=1 560w, https:\/\/i2.wp.com\/laplumedeloiseaulyre.com\/wp-content\/uploads\/2022\/12\/Carton-et-fleurs-1-scaled.jpeg?resize=160%2C213&amp;ssl=1 160w, https:\/\/i2.wp.com\/laplumedeloiseaulyre.com\/wp-content\/uploads\/2022\/12\/Carton-et-fleurs-1-scaled.jpeg?w=1920&amp;ssl=1 1920w, https:\/\/i2.wp.com\/laplumedeloiseaulyre.com\/wp-content\/uploads\/2022\/12\/Carton-et-fleurs-1-scaled.jpeg?w=1720 1720w\" sizes=\"(max-width: 768px) 100vw, 768px\" data-recalc-dims=\"1\" \/><figcaption><em><strong>L&rsquo;Histoire amoureuse des Gaules<\/strong><\/em> par Bussy-Rabutin<br> \u00a9Cmn\/GLSG<\/figcaption><\/figure><\/div>\n\n\n\n<div class=\"wp-block-image\"><figure class=\"aligncenter size-large\"><img loading=\"lazy\" width=\"768\" height=\"1024\" src=\"https:\/\/i2.wp.com\/laplumedeloiseaulyre.com\/wp-content\/uploads\/2023\/01\/14_Intro_detail.jpeg?resize=768%2C1024\" alt=\"\" class=\"wp-image-14179\" srcset=\"https:\/\/i2.wp.com\/laplumedeloiseaulyre.com\/wp-content\/uploads\/2023\/01\/14_Intro_detail-scaled.jpeg?resize=768%2C1024&amp;ssl=1 768w, https:\/\/i2.wp.com\/laplumedeloiseaulyre.com\/wp-content\/uploads\/2023\/01\/14_Intro_detail-scaled.jpeg?resize=225%2C300&amp;ssl=1 225w, https:\/\/i2.wp.com\/laplumedeloiseaulyre.com\/wp-content\/uploads\/2023\/01\/14_Intro_detail-scaled.jpeg?resize=1152%2C1536&amp;ssl=1 1152w, https:\/\/i2.wp.com\/laplumedeloiseaulyre.com\/wp-content\/uploads\/2023\/01\/14_Intro_detail-scaled.jpeg?resize=1536%2C2048&amp;ssl=1 1536w, https:\/\/i2.wp.com\/laplumedeloiseaulyre.com\/wp-content\/uploads\/2023\/01\/14_Intro_detail-scaled.jpeg?resize=560%2C747&amp;ssl=1 560w, https:\/\/i2.wp.com\/laplumedeloiseaulyre.com\/wp-content\/uploads\/2023\/01\/14_Intro_detail-scaled.jpeg?resize=160%2C213&amp;ssl=1 160w, https:\/\/i2.wp.com\/laplumedeloiseaulyre.com\/wp-content\/uploads\/2023\/01\/14_Intro_detail-scaled.jpeg?w=1920&amp;ssl=1 1920w, https:\/\/i2.wp.com\/laplumedeloiseaulyre.com\/wp-content\/uploads\/2023\/01\/14_Intro_detail-scaled.jpeg?w=1720 1720w\" sizes=\"(max-width: 768px) 100vw, 768px\" data-recalc-dims=\"1\" \/><figcaption><strong>Introduction de l&rsquo;Herbier de Bussy 2022<\/strong><br>plume et encre s\u00e9pia<br> \u00a9Cmn\/GLSG<\/figcaption><\/figure><\/div>\n\n\n\n<p>L\u2019id\u00e9e de cet herbier moderne&nbsp;<strong>est d\u2019exhausser le patrimoine naturel du ch\u00e2teau de Bussy-Rabutin comme support p\u00e9dagogique et culturel de la restauration de l\u2019aile Sarcus mais aussi de saisir l\u2019esprit botanique propre au&nbsp;<em>Genius loci&nbsp;<\/em>(esprit du lieu)<\/strong>. Il se veut observation de la beaut\u00e9 du vivant. Class\u00e9 selon les familles de plantes, il abrite des fleurs des champs, des herbes m\u00e9dicinales, des vari\u00e9t\u00e9s horticoles, des orchid\u00e9es sauvages, des arbres, des arbustes d\u2019ornement. <strong>Cette \u0153uvre souhaite garder un t\u00e9moignage de la biodiversit\u00e9 des lieux en 2022<\/strong> en faisant \u00e9tat des changements scientifiques de la nomenclature botanique depuis l\u2019\u00e9poque de la famille Sarcus. Par exemple, la famille des Ombellif\u00e8res est d\u00e9sormais celle des Apiac\u00e9es, ou la famille des Crucif\u00e8res est devenue celle des Brassicac\u00e9es.&nbsp;<\/p>\n\n\n\n<div class=\"wp-block-image\"><figure class=\"aligncenter size-large\"><img loading=\"lazy\" width=\"768\" height=\"1024\" src=\"https:\/\/i2.wp.com\/laplumedeloiseaulyre.com\/wp-content\/uploads\/2022\/12\/39_Charme.jpg?resize=768%2C1024\" alt=\"\" class=\"wp-image-14123\" srcset=\"https:\/\/i0.wp.com\/laplumedeloiseaulyre.com\/wp-content\/uploads\/2022\/12\/39_Charme-scaled.jpg?resize=768%2C1024&amp;ssl=1 768w, https:\/\/i0.wp.com\/laplumedeloiseaulyre.com\/wp-content\/uploads\/2022\/12\/39_Charme-scaled.jpg?resize=225%2C300&amp;ssl=1 225w, https:\/\/i0.wp.com\/laplumedeloiseaulyre.com\/wp-content\/uploads\/2022\/12\/39_Charme-scaled.jpg?resize=1152%2C1536&amp;ssl=1 1152w, https:\/\/i0.wp.com\/laplumedeloiseaulyre.com\/wp-content\/uploads\/2022\/12\/39_Charme-scaled.jpg?resize=1536%2C2048&amp;ssl=1 1536w, https:\/\/i0.wp.com\/laplumedeloiseaulyre.com\/wp-content\/uploads\/2022\/12\/39_Charme-scaled.jpg?resize=560%2C747&amp;ssl=1 560w, https:\/\/i0.wp.com\/laplumedeloiseaulyre.com\/wp-content\/uploads\/2022\/12\/39_Charme-scaled.jpg?resize=160%2C213&amp;ssl=1 160w, https:\/\/i0.wp.com\/laplumedeloiseaulyre.com\/wp-content\/uploads\/2022\/12\/39_Charme-scaled.jpg?w=1920&amp;ssl=1 1920w, https:\/\/i0.wp.com\/laplumedeloiseaulyre.com\/wp-content\/uploads\/2022\/12\/39_Charme-scaled.jpg?w=1720 1720w\" sizes=\"(max-width: 768px) 100vw, 768px\" data-recalc-dims=\"1\" \/><figcaption><strong>L&rsquo;herbier de Bussy 2022 <\/strong><br>\u00a9Cmn\/GLSG<\/figcaption><\/figure><\/div>\n\n\n\n<p><strong>D\u2019autre part, certains sp\u00e9cimens sont d\u00e9sormais class\u00e9s dans d\u2019autres familles avec l\u2019arriv\u00e9e de la classification phylog\u00e9n\u00e9tique, nouvelle m\u00e9thode qui s\u2019est substitu\u00e9e \u00e0 la classification linn\u00e9enne au XX<sup>e<\/sup>&nbsp;si\u00e8cle pour d\u00e9finir les sp\u00e9cimens en se fondant sur les principes d\u2019\u00e9volution et de parent\u00e9 g\u00e9n\u00e9tique.<\/strong>&nbsp;\u00c0 l\u2019\u00e9poque du Comte de Sarcus, plusieurs esp\u00e8ces se ressemblent structurellement mais sont \u00e9loign\u00e9es g\u00e9n\u00e9tiquement : par exemple la&nbsp;Card\u00e8re qui \u00e9tait class\u00e9e dans la famille des Dipsacac\u00e9es est indiqu\u00e9e actuellement dans la famille des Caprifoliac\u00e9es. Dans une \u00e9poque comme la n\u00f4tre o\u00f9 tant de menaces p\u00e8sent sur l\u2019environnement, une planche est consacr\u00e9e au buis (<em>Buxus sempervirens<\/em>) sous la forme de deux rameaux&nbsp;: l\u2019un est d\u00e9nud\u00e9 car il a \u00e9t\u00e9 attaqu\u00e9 par la pyrale du buis (<em>Cydalima perspectalis<\/em>) et l\u2019autre est sain car il a \u00e9t\u00e9 trait\u00e9. Il rappelle les ravages de ce l\u00e9pidopt\u00e8re (famille des Crambides) en Europe depuis plusieurs ann\u00e9es.&nbsp;<\/p>\n\n\n\n<div class=\"wp-block-image\"><figure class=\"aligncenter size-large\"><img loading=\"lazy\" width=\"768\" height=\"1024\" src=\"https:\/\/i2.wp.com\/laplumedeloiseaulyre.com\/wp-content\/uploads\/2023\/01\/Couv_Herbier.jpg?resize=768%2C1024\" alt=\"\" class=\"wp-image-14178\" srcset=\"https:\/\/i2.wp.com\/laplumedeloiseaulyre.com\/wp-content\/uploads\/2023\/01\/Couv_Herbier-scaled.jpg?resize=768%2C1024&amp;ssl=1 768w, https:\/\/i2.wp.com\/laplumedeloiseaulyre.com\/wp-content\/uploads\/2023\/01\/Couv_Herbier-scaled.jpg?resize=225%2C300&amp;ssl=1 225w, https:\/\/i2.wp.com\/laplumedeloiseaulyre.com\/wp-content\/uploads\/2023\/01\/Couv_Herbier-scaled.jpg?resize=1152%2C1536&amp;ssl=1 1152w, https:\/\/i2.wp.com\/laplumedeloiseaulyre.com\/wp-content\/uploads\/2023\/01\/Couv_Herbier-scaled.jpg?resize=1536%2C2048&amp;ssl=1 1536w, https:\/\/i2.wp.com\/laplumedeloiseaulyre.com\/wp-content\/uploads\/2023\/01\/Couv_Herbier-scaled.jpg?resize=560%2C747&amp;ssl=1 560w, https:\/\/i2.wp.com\/laplumedeloiseaulyre.com\/wp-content\/uploads\/2023\/01\/Couv_Herbier-scaled.jpg?resize=160%2C213&amp;ssl=1 160w, https:\/\/i2.wp.com\/laplumedeloiseaulyre.com\/wp-content\/uploads\/2023\/01\/Couv_Herbier-scaled.jpg?w=1920&amp;ssl=1 1920w, https:\/\/i2.wp.com\/laplumedeloiseaulyre.com\/wp-content\/uploads\/2023\/01\/Couv_Herbier-scaled.jpg?w=1720 1720w\" sizes=\"(max-width: 768px) 100vw, 768px\" data-recalc-dims=\"1\" \/><figcaption><strong>Couverture reli\u00e9e de l&rsquo;Herbier de Bussy 2022<\/strong><br> \u00a9Cmn\/GLSG<\/figcaption><\/figure><\/div>\n\n\n\n<div class=\"wp-block-image\"><figure class=\"aligncenter size-large\"><img loading=\"lazy\" width=\"768\" height=\"1024\" src=\"https:\/\/i2.wp.com\/laplumedeloiseaulyre.com\/wp-content\/uploads\/2022\/12\/69_Glycine_1.jpeg?resize=768%2C1024\" alt=\"\" class=\"wp-image-14124\" srcset=\"https:\/\/i1.wp.com\/laplumedeloiseaulyre.com\/wp-content\/uploads\/2022\/12\/69_Glycine_1-scaled.jpeg?resize=768%2C1024&amp;ssl=1 768w, https:\/\/i1.wp.com\/laplumedeloiseaulyre.com\/wp-content\/uploads\/2022\/12\/69_Glycine_1-scaled.jpeg?resize=225%2C300&amp;ssl=1 225w, https:\/\/i1.wp.com\/laplumedeloiseaulyre.com\/wp-content\/uploads\/2022\/12\/69_Glycine_1-scaled.jpeg?resize=1152%2C1536&amp;ssl=1 1152w, https:\/\/i1.wp.com\/laplumedeloiseaulyre.com\/wp-content\/uploads\/2022\/12\/69_Glycine_1-scaled.jpeg?resize=1536%2C2048&amp;ssl=1 1536w, https:\/\/i1.wp.com\/laplumedeloiseaulyre.com\/wp-content\/uploads\/2022\/12\/69_Glycine_1-scaled.jpeg?resize=560%2C747&amp;ssl=1 560w, https:\/\/i1.wp.com\/laplumedeloiseaulyre.com\/wp-content\/uploads\/2022\/12\/69_Glycine_1-scaled.jpeg?resize=160%2C213&amp;ssl=1 160w, https:\/\/i1.wp.com\/laplumedeloiseaulyre.com\/wp-content\/uploads\/2022\/12\/69_Glycine_1-scaled.jpeg?w=1920&amp;ssl=1 1920w, https:\/\/i1.wp.com\/laplumedeloiseaulyre.com\/wp-content\/uploads\/2022\/12\/69_Glycine_1-scaled.jpeg?w=1720 1720w\" sizes=\"(max-width: 768px) 100vw, 768px\" data-recalc-dims=\"1\" \/><figcaption><strong>Planche de la GLYCINE DE CHINE (<em>Wisteria sinensis<\/em>)<\/strong><br> Herbier de Bussy 2022 \u00a9Cmn\/GLSG<\/figcaption><\/figure><\/div>\n\n\n\n<p><span style=\"color:#2b4f1c\" class=\"has-inline-color\">&laquo;&nbsp;<strong>COLLIGIT UT SPARGAT<\/strong>&laquo;&nbsp;<\/span><\/p>\n\n\n\n<div class=\"wp-block-image\"><figure class=\"aligncenter size-large\"><img loading=\"lazy\" width=\"768\" height=\"1024\" src=\"https:\/\/i1.wp.com\/laplumedeloiseaulyre.com\/wp-content\/uploads\/2023\/01\/Devise_Colligit.jpg?resize=768%2C1024\" alt=\"\" class=\"wp-image-14161\" srcset=\"https:\/\/i2.wp.com\/laplumedeloiseaulyre.com\/wp-content\/uploads\/2023\/01\/Devise_Colligit-scaled.jpg?resize=768%2C1024&amp;ssl=1 768w, https:\/\/i2.wp.com\/laplumedeloiseaulyre.com\/wp-content\/uploads\/2023\/01\/Devise_Colligit-scaled.jpg?resize=225%2C300&amp;ssl=1 225w, https:\/\/i2.wp.com\/laplumedeloiseaulyre.com\/wp-content\/uploads\/2023\/01\/Devise_Colligit-scaled.jpg?resize=1152%2C1536&amp;ssl=1 1152w, https:\/\/i2.wp.com\/laplumedeloiseaulyre.com\/wp-content\/uploads\/2023\/01\/Devise_Colligit-scaled.jpg?resize=1536%2C2048&amp;ssl=1 1536w, https:\/\/i2.wp.com\/laplumedeloiseaulyre.com\/wp-content\/uploads\/2023\/01\/Devise_Colligit-scaled.jpg?resize=560%2C747&amp;ssl=1 560w, https:\/\/i2.wp.com\/laplumedeloiseaulyre.com\/wp-content\/uploads\/2023\/01\/Devise_Colligit-scaled.jpg?resize=160%2C213&amp;ssl=1 160w, https:\/\/i2.wp.com\/laplumedeloiseaulyre.com\/wp-content\/uploads\/2023\/01\/Devise_Colligit-scaled.jpg?w=1920&amp;ssl=1 1920w, https:\/\/i2.wp.com\/laplumedeloiseaulyre.com\/wp-content\/uploads\/2023\/01\/Devise_Colligit-scaled.jpg?w=1720 1720w\" sizes=\"(max-width: 768px) 100vw, 768px\" data-recalc-dims=\"1\" \/><figcaption><strong>Panneau symbolique &laquo;&nbsp;Colligit ut spargat&nbsp;&raquo;<\/strong>  dans la salle des Devises <br>\u00a9Cmn\/GLSG<\/figcaption><\/figure><\/div>\n\n\n\n<p>La devise \u00ab&nbsp;<strong>Colligit ut spargat&nbsp;\u00bb&nbsp;<\/strong>qui figure en exergue de l\u2019herbier \u00e9voque l\u2019une des citations peintes dans la salle des devises du ch\u00e2teau. Elle repr\u00e9sente les rayons du soleil qui extraient les vapeurs de la terre&nbsp;:&nbsp;\u00ab&nbsp;<strong>Il amasse pour r\u00e9pandre&nbsp;<\/strong>\u00bb. Ainsi la lumi\u00e8re du soleil a fait germer les v\u00e9g\u00e9taux rassembl\u00e9s dans cet ouvrage.<\/p>\n\n\n\n<div class=\"wp-block-image\"><figure class=\"aligncenter size-large\"><img loading=\"lazy\" width=\"768\" height=\"1024\" src=\"https:\/\/i0.wp.com\/laplumedeloiseaulyre.com\/wp-content\/uploads\/2023\/01\/5_Devise-Colligit_2.jpeg?resize=768%2C1024\" alt=\"\" class=\"wp-image-14162\" srcset=\"https:\/\/i1.wp.com\/laplumedeloiseaulyre.com\/wp-content\/uploads\/2023\/01\/5_Devise-Colligit_2-scaled.jpeg?resize=768%2C1024&amp;ssl=1 768w, https:\/\/i1.wp.com\/laplumedeloiseaulyre.com\/wp-content\/uploads\/2023\/01\/5_Devise-Colligit_2-scaled.jpeg?resize=225%2C300&amp;ssl=1 225w, https:\/\/i1.wp.com\/laplumedeloiseaulyre.com\/wp-content\/uploads\/2023\/01\/5_Devise-Colligit_2-scaled.jpeg?resize=1152%2C1536&amp;ssl=1 1152w, https:\/\/i1.wp.com\/laplumedeloiseaulyre.com\/wp-content\/uploads\/2023\/01\/5_Devise-Colligit_2-scaled.jpeg?resize=1536%2C2048&amp;ssl=1 1536w, https:\/\/i1.wp.com\/laplumedeloiseaulyre.com\/wp-content\/uploads\/2023\/01\/5_Devise-Colligit_2-scaled.jpeg?resize=560%2C747&amp;ssl=1 560w, https:\/\/i1.wp.com\/laplumedeloiseaulyre.com\/wp-content\/uploads\/2023\/01\/5_Devise-Colligit_2-scaled.jpeg?resize=160%2C213&amp;ssl=1 160w, https:\/\/i1.wp.com\/laplumedeloiseaulyre.com\/wp-content\/uploads\/2023\/01\/5_Devise-Colligit_2-scaled.jpeg?w=1920&amp;ssl=1 1920w, https:\/\/i1.wp.com\/laplumedeloiseaulyre.com\/wp-content\/uploads\/2023\/01\/5_Devise-Colligit_2-scaled.jpeg?w=1720 1720w\" sizes=\"(max-width: 768px) 100vw, 768px\" data-recalc-dims=\"1\" \/><figcaption><strong>Citation en exergue de l&rsquo;herbier de Bussy 2022<\/strong><br> \u00a9Cmn\/GLSG<\/figcaption><\/figure><\/div>\n","protected":false},"excerpt":{"rendered":"<p>Expos\u00e9 au printemps 2023 dans le cadre de&nbsp;la restauration de l\u2019aile Sarcus par le Centre des monuments nationaux au ch\u00e2teau de Bussy-Rabutin (C\u00f4te d&rsquo;Or), L&rsquo;Herbier de Bussy-Rabutin 2022 est un herbier contemporain que j&rsquo;ai con\u00e7u en \u00e9cho \u00e0 l&rsquo;herbier du&hellip;<\/p>\n<p class=\"more-link-p\"><a class=\"more-link\" href=\"https:\/\/laplumedeloiseaulyre.com\/?page_id=14198\">Read more &rarr;<\/a><\/p>\n","protected":false},"author":1,"featured_media":0,"parent":0,"menu_order":0,"comment_status":"closed","ping_status":"closed","template":"","meta":{"spay_email":""},"jetpack_shortlink":"https:\/\/wp.me\/P4lzfC-3H0","_links":{"self":[{"href":"https:\/\/laplumedeloiseaulyre.com\/index.php?rest_route=\/wp\/v2\/pages\/14198"}],"collection":[{"href":"https:\/\/laplumedeloiseaulyre.com\/index.php?rest_route=\/wp\/v2\/pages"}],"about":[{"href":"https:\/\/laplumedeloiseaulyre.com\/index.php?rest_route=\/wp\/v2\/types\/page"}],"author":[{"embeddable":true,"href":"https:\/\/laplumedeloiseaulyre.com\/index.php?rest_route=\/wp\/v2\/users\/1"}],"replies":[{"embeddable":true,"href":"https:\/\/laplumedeloiseaulyre.com\/index.php?rest_route=%2Fwp%2Fv2%2Fcomments&post=14198"}],"version-history":[{"count":3,"href":"https:\/\/laplumedeloiseaulyre.com\/index.php?rest_route=\/wp\/v2\/pages\/14198\/revisions"}],"predecessor-version":[{"id":14201,"href":"https:\/\/laplumedeloiseaulyre.com\/index.php?rest_route=\/wp\/v2\/pages\/14198\/revisions\/14201"}],"wp:attachment":[{"href":"https:\/\/laplumedeloiseaulyre.com\/index.php?rest_route=%2Fwp%2Fv2%2Fmedia&parent=14198"}],"curies":[{"name":"wp","href":"https:\/\/api.w.org\/{rel}","templated":true}]}}