{"id":6092,"date":"2018-02-11T21:16:29","date_gmt":"2018-02-11T21:16:29","guid":{"rendered":"http:\/\/laplumedeloiseaulyre.com\/?page_id=6092"},"modified":"2022-05-27T12:40:41","modified_gmt":"2022-05-27T12:40:41","slug":"presse-medias-et-recensions","status":"publish","type":"page","link":"http:\/\/laplumedeloiseaulyre.com\/?page_id=6092","title":{"rendered":"Presse, m\u00e9dias et recensions"},"content":{"rendered":"\n<p><strong>HORTUS 2022<\/strong><\/p>\n\n\n\n<ul><li><strong><a href=\"https:\/\/www.demeure-historique.org\/revue\/\" target=\"_blank\" rel=\"noreferrer noopener\">Demeure Historique, La Revue des Monuments et Jardins Historiques<\/a><\/strong> &laquo;&nbsp;C\u00f4t\u00e9 Jardins&nbsp;&raquo;, n\u00b0017, hors-s\u00e9rie, Mai 2022, p.80<\/li><\/ul>\n\n\n\n<p><strong>HORTUS 2017 <\/strong><\/p>\n\n\n<ul>\n<li>Site de la librairie <strong><a href=\"http:\/\/jardinsenart.fr\/produit\/hortus-conclusus\/\" target=\"_blank\" rel=\"noopener\">Jardins en Art<\/a><\/strong>\u00a0(lieu du lancement et de d\u00e9dicace le jeudi 16 novembre 2017)<\/li>\n<li>Site <a href=\"http:\/\/www.pariscotejardin.fr\/tag\/hortus-conclusus\/\" target=\"_blank\" rel=\"noopener\"><strong>Paris c\u00f4t\u00e9 Jardin<\/strong> <\/a>(novembre 2017)<\/li>\n<li>Site <strong><a href=\"http:\/\/www.tela-botanica.org\/actu\/article8397.html\" target=\"_blank\" rel=\"noopener\">Tela Botanica<\/a><\/strong>\u00a0(30 novembre 2017)<\/li>\n<li>Site\u00a0<strong><a href=\"http:\/\/deco.journaldesfemmes.fr\/magazine\/1959667-beaux-livres-deco-jardin-2017\/1962148-hortus-conclusus-par-gabrielle-de-lassus-saint-genies\" target=\"_blank\" rel=\"noopener\">Le Journal des Femmes<\/a><\/strong>\u00a0(novembre 2017)<\/li>\n<li>Site\u00a0am\u00e9ricain<strong>\u00a0<a href=\"https:\/\/artandculturetoday.wordpress.com\/book\/hortus-conclusus-garden-litanies-by-gabrielle-de-lassus-saint-genies\/\" target=\"_blank\" rel=\"noopener\">Art &amp; Culture Today<\/a><\/strong>\u00a0(7 d\u00e9cembre 2017)<\/li>\n<li>Site du journal <strong><a href=\"http:\/\/mobile.lemonde.fr\/cotecourscotesjardins\/portfolio\/2017\/12\/15\/des-livres-un-arbre-et-des-jardins_5230230_5004225.html\" target=\"_blank\" rel=\"noopener\">Le Monde<\/a><\/strong>, s\u00e9lection des plus beaux livres de fin d\u2019ann\u00e9e dans la rubrique \u00ab\u00a0Des livres, un arbre et des jardins\u00a0\u00bb (d\u00e9cembre 2017)<\/li>\n<li>Revue\u00a0<strong>Paris Match<\/strong>, n\u00b03578, \u00ab\u00a0Jardins Enchanteurs\u00a0\u00bb, p.156 (du 8 au 15 d\u00e9cembre 2017)<\/li>\n<li>Radio\u00a0<strong>RMC<\/strong>\u2013 Coup de coeur de l\u2019\u00e9mission <strong><a href=\"http:\/\/podcast.rmc.fr\/channel52\/20171209_jardin_0.mp3\" target=\"_blank\" rel=\"noopener\">\u00ab\u00a0Votre Jardin\u00a0\u00bb<\/a> <\/strong>de Fran\u00e7ois Sorel et Patrick Mioulane (9 d\u00e9cembre 2017)<\/li>\n<li>Site<strong> NewsJardin TV<\/strong> <strong>\u00ab\u00a0<a href=\"https:\/\/www.newsjardintv.com\/le-livre-du-jour\/une-jolie-flore-poetique-illustree.html\" target=\"_blank\" rel=\"noopener\">Une jolie flore po\u00e9tique illustr\u00e9e<\/a>\u00ab\u00a0<\/strong> (d\u00e9cembre 201)<\/li>\n<li>Site <strong>Promojardin,\u00a0<a href=\"http:\/\/www.promojardin.com\/flash-infos\/presse_edition\/hortus-conclusus\/\" target=\"_blank\" rel=\"noopener\">\u00ab\u00a0Hortus Conclusus\u00a0\u00bb<\/a> (<\/strong>d\u00e9cembre 2017)<\/li>\n<li>Revue <strong>Mon Jardin &amp; Ma Maison<\/strong>, n\u00b0697, \u00ab\u00a0Po\u00e9sie botanique\u00a0\u00bb, p.14 (f\u00e9vrier 2018)<\/li>\n<li>Revue <strong>Aime-Mag<\/strong>, n\u00b05, p.80 (janvier 2018)<\/li>\n<li>Magazine<strong> L\u2019Obs<\/strong>, n\u00b02776 p.99 (18 janvier 2018)<\/li>\n<li>\u00c9mission <a href=\"https:\/\/www.france.tv\/france-5\/silence-ca-pousse\/403127-emission-du-vendredi-9-fevrier-2018.html\" target=\"_blank\" rel=\"noopener\"><strong>Silence \u00e7a pousse<\/strong><\/a> sur France 5 (9 f\u00e9vrier 2018)<\/li>\n<li>Site <a href=\"http:\/\/prestigeplace.fr\/produits-de-luxe\/126-hortus-conclusus-les-litanies-du-jardin#ad-image-0\" target=\"_blank\" rel=\"noopener\"><strong>Prestige Place<\/strong>\u00a0<\/a>(14 f\u00e9vrier 2018)<\/li>\n<li>Magazine <a href=\"http:\/\/www.madeinpresse.fr\/marie-claire-idees-0263000.html\" target=\"_blank\" rel=\"noopener\"><strong>Marie-Claire Id\u00e9es<\/strong><\/a>, n\u00b0125 (Jeudi 22 F\u00e9vrier 2018)<\/li>\n<li>Site internet <strong><a href=\"https:\/\/www.myexclusivecollection.com\/fr\/actualites\/jean-paul-guerlain-et-les-arts\" target=\"_blank\" rel=\"noopener\">My Exclusive Collection &#8211; Parfums Jean-Paul Guerlain<\/a><\/strong>\u00a0(avril 2018)<\/li>\n<li>Revue <a href=\"http:\/\/www.parcsetjardins.fr\/fiche-association.php?id=21https:\/\/www.parcsetjardins.fr\/docs\/data\/actualites\/documents\/597-1650.pdf\" target=\"_blank\" rel=\"noopener\"><strong>La Tonnelle du Midi pyr\u00e9n\u00e9en<\/strong><\/a>, Bulletin de l&rsquo;Association PJMP, n\u00b07, \u00a0p.16 (printemps 2018)<\/li>\n<\/ul>\n\n\n<p><\/p>\n","protected":false},"excerpt":{"rendered":"<p>HORTUS 2022 Demeure Historique, La Revue des Monuments et Jardins Historiques &laquo;&nbsp;C\u00f4t\u00e9 Jardins&nbsp;&raquo;, n\u00b0017, hors-s\u00e9rie, Mai 2022, p.80 HORTUS 2017 Site de la librairie Jardins en Art\u00a0(lieu du lancement et de d\u00e9dicace le jeudi 16 novembre 2017) Site Paris c\u00f4t\u00e9&hellip;<\/p>\n<p class=\"more-link-p\"><a class=\"more-link\" href=\"http:\/\/laplumedeloiseaulyre.com\/?page_id=6092\">Read more &rarr;<\/a><\/p>\n","protected":false},"author":1,"featured_media":0,"parent":0,"menu_order":0,"comment_status":"closed","ping_status":"closed","template":"","meta":{"spay_email":""},"jetpack_shortlink":"https:\/\/wp.me\/P4lzfC-1Ag","_links":{"self":[{"href":"http:\/\/laplumedeloiseaulyre.com\/index.php?rest_route=\/wp\/v2\/pages\/6092"}],"collection":[{"href":"http:\/\/laplumedeloiseaulyre.com\/index.php?rest_route=\/wp\/v2\/pages"}],"about":[{"href":"http:\/\/laplumedeloiseaulyre.com\/index.php?rest_route=\/wp\/v2\/types\/page"}],"author":[{"embeddable":true,"href":"http:\/\/laplumedeloiseaulyre.com\/index.php?rest_route=\/wp\/v2\/users\/1"}],"replies":[{"embeddable":true,"href":"http:\/\/laplumedeloiseaulyre.com\/index.php?rest_route=%2Fwp%2Fv2%2Fcomments&post=6092"}],"version-history":[{"count":10,"href":"http:\/\/laplumedeloiseaulyre.com\/index.php?rest_route=\/wp\/v2\/pages\/6092\/revisions"}],"predecessor-version":[{"id":13912,"href":"http:\/\/laplumedeloiseaulyre.com\/index.php?rest_route=\/wp\/v2\/pages\/6092\/revisions\/13912"}],"wp:attachment":[{"href":"http:\/\/laplumedeloiseaulyre.com\/index.php?rest_route=%2Fwp%2Fv2%2Fmedia&parent=6092"}],"curies":[{"name":"wp","href":"https:\/\/api.w.org\/{rel}","templated":true}]}}