{"id":14191,"date":"2023-01-08T19:06:59","date_gmt":"2023-01-08T19:06:59","guid":{"rendered":"http:\/\/laplumedeloiseaulyre.com\/?page_id=14191"},"modified":"2023-01-08T20:19:24","modified_gmt":"2023-01-08T20:19:24","slug":"aux-origines-lherbier-du-xixe-siecle-du-comte-de-sarcus","status":"publish","type":"page","link":"http:\/\/laplumedeloiseaulyre.com\/?page_id=14191","title":{"rendered":"Aux origines : l&rsquo;herbier du XIXe si\u00e8cle du Comte de Sarcus"},"content":{"rendered":"\n<div class=\"wp-block-image\"><figure class=\"aligncenter size-large\"><img loading=\"lazy\" width=\"335\" height=\"500\" src=\"https:\/\/i1.wp.com\/laplumedeloiseaulyre.com\/wp-content\/uploads\/2022\/12\/Portrait_JB_Sarcus-1-2.jpg?resize=335%2C500\" alt=\"\" class=\"wp-image-14103\" srcset=\"https:\/\/i1.wp.com\/laplumedeloiseaulyre.com\/wp-content\/uploads\/2022\/12\/Portrait_JB_Sarcus-1-2.jpg?w=335 335w, https:\/\/i1.wp.com\/laplumedeloiseaulyre.com\/wp-content\/uploads\/2022\/12\/Portrait_JB_Sarcus-1-2.jpg?resize=201%2C300 201w, https:\/\/i1.wp.com\/laplumedeloiseaulyre.com\/wp-content\/uploads\/2022\/12\/Portrait_JB_Sarcus-1-2.jpg?resize=160%2C239 160w\" sizes=\"(max-width: 335px) 100vw, 335px\" data-recalc-dims=\"1\" \/><figcaption><strong>Jean-Baptiste de Sarcus (1787-1875)<\/strong><\/figcaption><\/figure><\/div>\n\n\n\n<div class=\"wp-block-image\"><figure class=\"aligncenter size-large is-resized\"><img loading=\"lazy\" src=\"https:\/\/i1.wp.com\/laplumedeloiseaulyre.com\/wp-content\/uploads\/2022\/12\/Capture-decran-2022-12-14-a-22.29.05-1.png?resize=323%2C432\" alt=\"\" class=\"wp-image-14119\" width=\"323\" height=\"432\" srcset=\"https:\/\/i1.wp.com\/laplumedeloiseaulyre.com\/wp-content\/uploads\/2022\/12\/Capture-decran-2022-12-14-a-22.29.05-1.png?resize=766%2C1024 766w, https:\/\/i1.wp.com\/laplumedeloiseaulyre.com\/wp-content\/uploads\/2022\/12\/Capture-decran-2022-12-14-a-22.29.05-1.png?resize=224%2C300 224w, https:\/\/i1.wp.com\/laplumedeloiseaulyre.com\/wp-content\/uploads\/2022\/12\/Capture-decran-2022-12-14-a-22.29.05-1.png?resize=768%2C1027 768w, https:\/\/i1.wp.com\/laplumedeloiseaulyre.com\/wp-content\/uploads\/2022\/12\/Capture-decran-2022-12-14-a-22.29.05-1.png?resize=560%2C749 560w, https:\/\/i1.wp.com\/laplumedeloiseaulyre.com\/wp-content\/uploads\/2022\/12\/Capture-decran-2022-12-14-a-22.29.05-1.png?resize=160%2C214 160w, https:\/\/i1.wp.com\/laplumedeloiseaulyre.com\/wp-content\/uploads\/2022\/12\/Capture-decran-2022-12-14-a-22.29.05-1.png?w=1092 1092w\" sizes=\"(max-width: 323px) 100vw, 323px\" data-recalc-dims=\"1\" \/><figcaption><strong>FOUG\u00c8RE (<em>Polipodium driopteris<\/em>)<\/strong><br>planche de l&rsquo;herbier de Sarcus, XIXe si\u00e8cle \u00a9Cmn\/GLSG<\/figcaption><\/figure><\/div>\n\n\n\n<p>Jean-Baptiste de Sarcus (1787-1875) fait l&rsquo;acquisition du ch\u00e2teau de Bussy-Rabutin en 1835.&nbsp;<strong>C&rsquo;est un homme lettr\u00e9 qui s&rsquo;int\u00e9resse \u00e0 Roger de Bussy-Rabutin (1618-1693) et au Grand Si\u00e8cle.<\/strong>&nbsp;Cousin de Madame de S\u00e9vign\u00e9, Bussy-Rabutin est exil\u00e9 sur ses terres apr\u00e8s avoir \u00e9crit sa c\u00e9l\u00e8bre&nbsp;<em>Histoire amoureuse des Gaule<\/em>s, satire de la cour de Louis XIV. Il d\u00e9core son ch\u00e2teau de devises peintes et de portraits notamment la c\u00e9l\u00e8bre Tour Dor\u00e9e. Sarcus est capitaine de cavalerie de Louis&nbsp;XVIII. <strong>C\u2019est un homme int\u00e9ress\u00e9 par les arts, la botanique, l\u2019agriculture. Il poss\u00e8de une vaste biblioth\u00e8que.<\/strong><\/p>\n\n\n\n<div class=\"wp-block-image\"><figure class=\"aligncenter size-large is-resized\"><img loading=\"lazy\" src=\"https:\/\/i1.wp.com\/laplumedeloiseaulyre.com\/wp-content\/uploads\/2022\/12\/Photos_Roger_Bussy-1.png?resize=274%2C328\" alt=\"\" class=\"wp-image-14102\" width=\"274\" height=\"328\" srcset=\"https:\/\/i1.wp.com\/laplumedeloiseaulyre.com\/wp-content\/uploads\/2022\/12\/Photos_Roger_Bussy-1.png?w=520 520w, https:\/\/i1.wp.com\/laplumedeloiseaulyre.com\/wp-content\/uploads\/2022\/12\/Photos_Roger_Bussy-1.png?resize=251%2C300 251w, https:\/\/i1.wp.com\/laplumedeloiseaulyre.com\/wp-content\/uploads\/2022\/12\/Photos_Roger_Bussy-1.png?resize=160%2C191 160w\" sizes=\"(max-width: 274px) 100vw, 274px\" data-recalc-dims=\"1\" \/><figcaption><strong>Roger de Bussy-Rabutin (1618-1693)<\/strong><\/figcaption><\/figure><\/div>\n\n\n\n<p>&nbsp;Dans le cadre de la restauration et du remeublement de l\u2019aile dite \u00ab&nbsp;Sarcus&nbsp;\u00bb par le Centre des Monuments Nationaux en 2022-23, il a \u00e9t\u00e9 d\u00e9cid\u00e9 d\u2019am\u00e9nager&nbsp;<strong>l\u2019Office (ou Cabinet du Po\u00eale)<\/strong>, au rez-de-chauss\u00e9e, situ\u00e9 entre la cuisine et le fruitier afin que&nbsp;le nouveau parcours de visite \u00e9voque l\u2019aspect majeur&nbsp;des bienfaits de la nature et&nbsp;<strong>comment le Comte de Sarcus veilla \u00e0 faire de Bussy-Rabutin un domaine agricole bien g\u00e9r\u00e9 \u00e0 l\u2019image de l\u2019herbier qui lui est attribu\u00e9.&nbsp;<\/strong>Espace \u00ab&nbsp;int\u00e9rieur&nbsp;\u00bb faisant \u00e9cho \u00e0 l\u2019espace \u00ab&nbsp;ext\u00e9rieur&nbsp;\u00bb,&nbsp;cette pi\u00e8ce souhaite mettre en sc\u00e8ne le&nbsp;patrimoine vert et d\u00e9crire le lien intime de ses habitants avec la terre, tout en rappelant que Bussy poss\u00e8de un \u00ab&nbsp;Jardin remarquable&nbsp;\u00bb.<\/p>\n\n\n\n<figure class=\"wp-block-image size-large\"><img loading=\"lazy\" width=\"860\" height=\"291\" src=\"https:\/\/i2.wp.com\/laplumedeloiseaulyre.com\/wp-content\/uploads\/2023\/01\/chateau-de-Bussy-Rabutin-panoramique_image-max.jpg?resize=860%2C291\" alt=\"Une image contenant arbre, b\u00e2timent, jardin, vill\u00e9giature\n\nDescription g\u00e9n\u00e9r\u00e9e automatiquement\" class=\"wp-image-14155\" srcset=\"https:\/\/i2.wp.com\/laplumedeloiseaulyre.com\/wp-content\/uploads\/2023\/01\/chateau-de-Bussy-Rabutin-panoramique_image-max.jpg?w=946 946w, https:\/\/i2.wp.com\/laplumedeloiseaulyre.com\/wp-content\/uploads\/2023\/01\/chateau-de-Bussy-Rabutin-panoramique_image-max.jpg?resize=300%2C101 300w, https:\/\/i2.wp.com\/laplumedeloiseaulyre.com\/wp-content\/uploads\/2023\/01\/chateau-de-Bussy-Rabutin-panoramique_image-max.jpg?resize=768%2C260 768w, https:\/\/i2.wp.com\/laplumedeloiseaulyre.com\/wp-content\/uploads\/2023\/01\/chateau-de-Bussy-Rabutin-panoramique_image-max.jpg?resize=560%2C189 560w, https:\/\/i2.wp.com\/laplumedeloiseaulyre.com\/wp-content\/uploads\/2023\/01\/chateau-de-Bussy-Rabutin-panoramique_image-max.jpg?resize=160%2C54 160w\" sizes=\"(max-width: 860px) 100vw, 860px\" data-recalc-dims=\"1\" \/><figcaption><strong>Le Ch\u00e2teau de Bussy-Rabutin (C\u00f4te d&rsquo;Or)<\/strong> \u00a9CMN<\/figcaption><\/figure>\n\n\n\n<div class=\"wp-block-image\"><figure class=\"aligncenter size-large is-resized\"><img loading=\"lazy\" src=\"https:\/\/i2.wp.com\/laplumedeloiseaulyre.com\/wp-content\/uploads\/2022\/12\/Plaques.jpeg?resize=314%2C418\" alt=\"\" class=\"wp-image-14137\" width=\"314\" height=\"418\" srcset=\"https:\/\/i1.wp.com\/laplumedeloiseaulyre.com\/wp-content\/uploads\/2022\/12\/Plaques-scaled.jpeg?resize=768%2C1024 768w, https:\/\/i1.wp.com\/laplumedeloiseaulyre.com\/wp-content\/uploads\/2022\/12\/Plaques-scaled.jpeg?resize=225%2C300 225w, https:\/\/i1.wp.com\/laplumedeloiseaulyre.com\/wp-content\/uploads\/2022\/12\/Plaques-scaled.jpeg?resize=1152%2C1536 1152w, https:\/\/i1.wp.com\/laplumedeloiseaulyre.com\/wp-content\/uploads\/2022\/12\/Plaques-scaled.jpeg?resize=1536%2C2048 1536w, https:\/\/i1.wp.com\/laplumedeloiseaulyre.com\/wp-content\/uploads\/2022\/12\/Plaques-scaled.jpeg?resize=560%2C747 560w, https:\/\/i1.wp.com\/laplumedeloiseaulyre.com\/wp-content\/uploads\/2022\/12\/Plaques-scaled.jpeg?resize=160%2C213 160w, https:\/\/i1.wp.com\/laplumedeloiseaulyre.com\/wp-content\/uploads\/2022\/12\/Plaques-scaled.jpeg?w=1920 1920w, https:\/\/i1.wp.com\/laplumedeloiseaulyre.com\/wp-content\/uploads\/2022\/12\/Plaques-scaled.jpeg?w=1720 1720w\" sizes=\"(max-width: 314px) 100vw, 314px\" data-recalc-dims=\"1\" \/><figcaption><strong>Le Ch\u00e2teau de Bussy-Rabutin poss\u00e8de les labels <\/strong><br><strong>&laquo;&nbsp;Maison des Illustres&nbsp;&raquo; et &laquo;&nbsp;Jardin remarquable&nbsp;&raquo;<\/strong><\/figcaption><\/figure><\/div>\n\n\n\n<ul><li><strong>UN PR\u00c9CIEUX PATRIMOINE&nbsp;: L\u2019HERBIER ATTRIBU\u00c9 AU COMTE DE SARCUS<\/strong><\/li><\/ul>\n\n\n\n<div class=\"wp-block-image\"><figure class=\"aligncenter size-large is-resized\"><img loading=\"lazy\" src=\"https:\/\/i0.wp.com\/laplumedeloiseaulyre.com\/wp-content\/uploads\/2022\/12\/Capture-decran-2022-12-14-a-22.26.16.png?resize=284%2C375\" alt=\"\" class=\"wp-image-14115\" width=\"284\" height=\"375\" srcset=\"https:\/\/i0.wp.com\/laplumedeloiseaulyre.com\/wp-content\/uploads\/2022\/12\/Capture-decran-2022-12-14-a-22.26.16.png?resize=776%2C1024 776w, https:\/\/i0.wp.com\/laplumedeloiseaulyre.com\/wp-content\/uploads\/2022\/12\/Capture-decran-2022-12-14-a-22.26.16.png?resize=227%2C300 227w, https:\/\/i0.wp.com\/laplumedeloiseaulyre.com\/wp-content\/uploads\/2022\/12\/Capture-decran-2022-12-14-a-22.26.16.png?resize=768%2C1014 768w, https:\/\/i0.wp.com\/laplumedeloiseaulyre.com\/wp-content\/uploads\/2022\/12\/Capture-decran-2022-12-14-a-22.26.16.png?resize=560%2C739 560w, https:\/\/i0.wp.com\/laplumedeloiseaulyre.com\/wp-content\/uploads\/2022\/12\/Capture-decran-2022-12-14-a-22.26.16.png?resize=160%2C211 160w, https:\/\/i0.wp.com\/laplumedeloiseaulyre.com\/wp-content\/uploads\/2022\/12\/Capture-decran-2022-12-14-a-22.26.16.png?w=1094 1094w\" sizes=\"(max-width: 284px) 100vw, 284px\" data-recalc-dims=\"1\" \/><figcaption><strong>Le Cartonnier de l&rsquo;herbier<br> attribu\u00e9 au Comte de Sarcus<\/strong> \u00a9Cmn\/GLSG<\/figcaption><\/figure><\/div>\n\n\n\n<p>Dans l\u2019antichambre de l\u2019\u00e9tage,&nbsp;<strong>un herbier dat\u00e9 du XIX<sup>e<\/sup>&nbsp;si\u00e8cle r\u00e9pertorie 701 sp\u00e9cimens<\/strong>. La constitution de ce vaste ensemble est attribu\u00e9e au Comte de Sarcus et \u00e0 sa famille. Il est conserv\u00e9&nbsp;dans un remarquable \u00e9tat, au sein d\u2019un beau cartonnier d\u2019\u00e9poque. Les v\u00e9g\u00e9taux sont s\u00e9ch\u00e9s, coll\u00e9s et mont\u00e9s sur des feuilles conserv\u00e9es dans plusieurs bo\u00eetes \u00e0 archives cartonn\u00e9es.&nbsp;<strong>L\u2019herbier a \u00e9t\u00e9 pr\u00e9sent\u00e9 pour la premi\u00e8re fois au public en juin 2015 gr\u00e2ce \u00e0 une remarquable \u00e9tude faite par Yannick Bacquet, Fran\u00e7ois Ravenet, Fran\u00e7ois Durlet et Olivier Bardet, responsable de la d\u00e9l\u00e9gation Bourgogne du Conservatoire botanique national du bassin parisien afin d\u2019en documenter, recenser et num\u00e9riser le contenu.<\/strong><\/p>\n\n\n\n<p><\/p>\n\n\n\n<div class=\"wp-block-image\"><figure class=\"aligncenter size-large is-resized\"><img loading=\"lazy\" src=\"https:\/\/i0.wp.com\/laplumedeloiseaulyre.com\/wp-content\/uploads\/2022\/12\/Capture-decran-2022-12-14-a-22.31.42-1.png?resize=385%2C514\" alt=\"\" class=\"wp-image-14121\" width=\"385\" height=\"514\" srcset=\"https:\/\/i0.wp.com\/laplumedeloiseaulyre.com\/wp-content\/uploads\/2022\/12\/Capture-decran-2022-12-14-a-22.31.42-1.png?resize=767%2C1024 767w, https:\/\/i0.wp.com\/laplumedeloiseaulyre.com\/wp-content\/uploads\/2022\/12\/Capture-decran-2022-12-14-a-22.31.42-1.png?resize=225%2C300 225w, https:\/\/i0.wp.com\/laplumedeloiseaulyre.com\/wp-content\/uploads\/2022\/12\/Capture-decran-2022-12-14-a-22.31.42-1.png?resize=768%2C1025 768w, https:\/\/i0.wp.com\/laplumedeloiseaulyre.com\/wp-content\/uploads\/2022\/12\/Capture-decran-2022-12-14-a-22.31.42-1.png?resize=560%2C747 560w, https:\/\/i0.wp.com\/laplumedeloiseaulyre.com\/wp-content\/uploads\/2022\/12\/Capture-decran-2022-12-14-a-22.31.42-1.png?resize=160%2C214 160w, https:\/\/i0.wp.com\/laplumedeloiseaulyre.com\/wp-content\/uploads\/2022\/12\/Capture-decran-2022-12-14-a-22.31.42-1.png?w=1088 1088w\" sizes=\"(max-width: 385px) 100vw, 385px\" data-recalc-dims=\"1\" \/><figcaption><strong>ALGUE<\/strong> (<em>Fucus vesiculosus<\/em>)<br>Planche de l&rsquo;herbier de Sarcus, XIXe si\u00e8cle<br>\u00a9Cmn\/GLSG<\/figcaption><\/figure><\/div>\n\n\n\n<p>Sur les 701 planches, seules 150 portent la mention d\u2019une localit\u00e9 li\u00e9e aux lieux de vill\u00e9giature de la famille Sarcus, laissant penser que cet ensemble pourrait \u00eatre attribu\u00e9&nbsp;\u00e0 Jean-Baptiste C\u00e9sar, comte de Sarcus (1787-1875), sa m\u00e8re Jacquine Hyacinthe Charlotte Le Mesnager de la Dufferie (1757-1843) et sa femme B\u00e9nigne Victoire Espiard de Macon (1783-1864). Les listes qui accompagnent les cartons d\u2019archives mentionnent un certain Monsieur Morthereux, vraisemblablement le chirurgien-major Joseph Morthereux qui servait dans le r\u00e9giment du capitaine Jean-Baptiste C\u00e9sar de Sarcus.<\/p>\n\n\n\n<div class=\"wp-block-image\"><figure class=\"aligncenter size-large is-resized\"><img loading=\"lazy\" src=\"https:\/\/i0.wp.com\/laplumedeloiseaulyre.com\/wp-content\/uploads\/2022\/12\/Capture-decran-2022-12-14-a-22.27.59-1.png?resize=327%2C437\" alt=\"\" class=\"wp-image-14117\" width=\"327\" height=\"437\" srcset=\"https:\/\/i0.wp.com\/laplumedeloiseaulyre.com\/wp-content\/uploads\/2022\/12\/Capture-decran-2022-12-14-a-22.27.59-1.png?resize=766%2C1024 766w, https:\/\/i0.wp.com\/laplumedeloiseaulyre.com\/wp-content\/uploads\/2022\/12\/Capture-decran-2022-12-14-a-22.27.59-1.png?resize=224%2C300 224w, https:\/\/i0.wp.com\/laplumedeloiseaulyre.com\/wp-content\/uploads\/2022\/12\/Capture-decran-2022-12-14-a-22.27.59-1.png?resize=768%2C1027 768w, https:\/\/i0.wp.com\/laplumedeloiseaulyre.com\/wp-content\/uploads\/2022\/12\/Capture-decran-2022-12-14-a-22.27.59-1.png?resize=560%2C749 560w, https:\/\/i0.wp.com\/laplumedeloiseaulyre.com\/wp-content\/uploads\/2022\/12\/Capture-decran-2022-12-14-a-22.27.59-1.png?resize=160%2C214 160w, https:\/\/i0.wp.com\/laplumedeloiseaulyre.com\/wp-content\/uploads\/2022\/12\/Capture-decran-2022-12-14-a-22.27.59-1.png?w=1086 1086w\" sizes=\"(max-width: 327px) 100vw, 327px\" data-recalc-dims=\"1\" \/><figcaption><strong>Carthame des Teinturiers <\/strong>  <br>(<em>Carthamus tinctorius<\/em>) <br>Planche de l&rsquo;herbier de Sarcus, d\u00e9tail,  XIXe si\u00e8cle \u00a9Cmn\/GLSG<\/figcaption><\/figure><\/div>\n\n\n\n<p>&nbsp;<strong>Les sp\u00e9cimens sont collect\u00e9s dans des lieux vari\u00e9s comme \u00e0 Paris ou dans les environs de Paris, au Bois de Vincennes, au Bois de Boulogne, dans la For\u00eat de Saint Germain mais aussi \u00e0 la Dufferie, \u00e0 \u00c9pinal, Rouen, Montmorency ou au Plessis-Picquet<\/strong>. Aucune feuille ne mentionne la localisation de Bussy-Rabutin, laissant penser que cet herbier est ant\u00e9rieur \u00e0 l\u2019acquisition du domaine, ce que corrobore la date de 1824 pr\u00e9sente sur l\u2019une des planches. La nomenclature botanique est conforme \u00e0 celle de la p\u00e9riode. On y d\u00e9nombre environ 81 familles.&nbsp;<strong>Cette pr\u00e9cieuse \u00e9tude, ainsi qu\u2019un d\u00e9placement sur place le 8 f\u00e9vrier 2022 pour visiter les lieux, d\u00e9couvrir la v\u00e9g\u00e9tation et rencontrer les \u00e9quipes a servi de point de d\u00e9part \u00e0 &laquo;&nbsp;l&rsquo;herbier de Bussy 2022&nbsp;&raquo;. <\/strong><\/p>\n\n\n\n<div class=\"wp-block-image\"><figure class=\"aligncenter size-large is-resized\"><img loading=\"lazy\" src=\"https:\/\/i2.wp.com\/laplumedeloiseaulyre.com\/wp-content\/uploads\/2023\/01\/Pigamon.jpg?resize=323%2C430\" alt=\"\" class=\"wp-image-14195\" width=\"323\" height=\"430\" srcset=\"https:\/\/i2.wp.com\/laplumedeloiseaulyre.com\/wp-content\/uploads\/2023\/01\/Pigamon.jpg?resize=768%2C1024 768w, https:\/\/i2.wp.com\/laplumedeloiseaulyre.com\/wp-content\/uploads\/2023\/01\/Pigamon.jpg?resize=225%2C300 225w, https:\/\/i2.wp.com\/laplumedeloiseaulyre.com\/wp-content\/uploads\/2023\/01\/Pigamon.jpg?resize=1152%2C1536 1152w, https:\/\/i2.wp.com\/laplumedeloiseaulyre.com\/wp-content\/uploads\/2023\/01\/Pigamon.jpg?resize=560%2C747 560w, https:\/\/i2.wp.com\/laplumedeloiseaulyre.com\/wp-content\/uploads\/2023\/01\/Pigamon.jpg?resize=160%2C213 160w, https:\/\/i2.wp.com\/laplumedeloiseaulyre.com\/wp-content\/uploads\/2023\/01\/Pigamon.jpg?w=1536 1536w\" sizes=\"(max-width: 323px) 100vw, 323px\" data-recalc-dims=\"1\" \/><figcaption><strong>Pigamon des pr\u00e9s<\/strong><br>(<em>Thalictrum <i>flav<\/i>um<\/em>)<br>Planche de l&rsquo;herbier de Sarcus, d\u00e9tail, XIXe si\u00e8cle \u00a9Cmn\/GLSG<\/figcaption><\/figure><\/div>\n\n\n\n<div class=\"wp-block-image\"><figure class=\"aligncenter size-large is-resized\"><img loading=\"lazy\" src=\"https:\/\/i1.wp.com\/laplumedeloiseaulyre.com\/wp-content\/uploads\/2023\/01\/Capture-decran-2023-01-08-a-20.01.01.png?resize=355%2C473\" alt=\"\" class=\"wp-image-14194\" width=\"355\" height=\"473\" srcset=\"https:\/\/i1.wp.com\/laplumedeloiseaulyre.com\/wp-content\/uploads\/2023\/01\/Capture-decran-2023-01-08-a-20.01.01.png?resize=769%2C1024 769w, https:\/\/i1.wp.com\/laplumedeloiseaulyre.com\/wp-content\/uploads\/2023\/01\/Capture-decran-2023-01-08-a-20.01.01.png?resize=225%2C300 225w, https:\/\/i1.wp.com\/laplumedeloiseaulyre.com\/wp-content\/uploads\/2023\/01\/Capture-decran-2023-01-08-a-20.01.01.png?resize=768%2C1022 768w, https:\/\/i1.wp.com\/laplumedeloiseaulyre.com\/wp-content\/uploads\/2023\/01\/Capture-decran-2023-01-08-a-20.01.01.png?resize=560%2C745 560w, https:\/\/i1.wp.com\/laplumedeloiseaulyre.com\/wp-content\/uploads\/2023\/01\/Capture-decran-2023-01-08-a-20.01.01.png?resize=160%2C213 160w, https:\/\/i1.wp.com\/laplumedeloiseaulyre.com\/wp-content\/uploads\/2023\/01\/Capture-decran-2023-01-08-a-20.01.01.png?w=1082 1082w\" sizes=\"(max-width: 355px) 100vw, 355px\" data-recalc-dims=\"1\" \/><figcaption><strong>Les bo\u00eetes d&rsquo;archives de l&rsquo;herbier de Sarcus<\/strong><br><strong> <\/strong>\u00a9Cmn\/GLSG<\/figcaption><\/figure><\/div>\n","protected":false},"excerpt":{"rendered":"<p>Jean-Baptiste de Sarcus (1787-1875) fait l&rsquo;acquisition du ch\u00e2teau de Bussy-Rabutin en 1835.&nbsp;C&rsquo;est un homme lettr\u00e9 qui s&rsquo;int\u00e9resse \u00e0 Roger de Bussy-Rabutin (1618-1693) et au Grand Si\u00e8cle.&nbsp;Cousin de Madame de S\u00e9vign\u00e9, Bussy-Rabutin est exil\u00e9 sur ses terres apr\u00e8s avoir \u00e9crit sa&hellip;<\/p>\n<p class=\"more-link-p\"><a class=\"more-link\" href=\"http:\/\/laplumedeloiseaulyre.com\/?page_id=14191\">Read more &rarr;<\/a><\/p>\n","protected":false},"author":1,"featured_media":0,"parent":0,"menu_order":0,"comment_status":"closed","ping_status":"closed","template":"","meta":{"spay_email":""},"jetpack_shortlink":"https:\/\/wp.me\/P4lzfC-3GT","_links":{"self":[{"href":"http:\/\/laplumedeloiseaulyre.com\/index.php?rest_route=\/wp\/v2\/pages\/14191"}],"collection":[{"href":"http:\/\/laplumedeloiseaulyre.com\/index.php?rest_route=\/wp\/v2\/pages"}],"about":[{"href":"http:\/\/laplumedeloiseaulyre.com\/index.php?rest_route=\/wp\/v2\/types\/page"}],"author":[{"embeddable":true,"href":"http:\/\/laplumedeloiseaulyre.com\/index.php?rest_route=\/wp\/v2\/users\/1"}],"replies":[{"embeddable":true,"href":"http:\/\/laplumedeloiseaulyre.com\/index.php?rest_route=%2Fwp%2Fv2%2Fcomments&post=14191"}],"version-history":[{"count":3,"href":"http:\/\/laplumedeloiseaulyre.com\/index.php?rest_route=\/wp\/v2\/pages\/14191\/revisions"}],"predecessor-version":[{"id":14228,"href":"http:\/\/laplumedeloiseaulyre.com\/index.php?rest_route=\/wp\/v2\/pages\/14191\/revisions\/14228"}],"wp:attachment":[{"href":"http:\/\/laplumedeloiseaulyre.com\/index.php?rest_route=%2Fwp%2Fv2%2Fmedia&parent=14191"}],"curies":[{"name":"wp","href":"https:\/\/api.w.org\/{rel}","templated":true}]}}